{"id":87130,"date":"2024-09-17T12:40:56","date_gmt":"2024-09-17T10:40:56","guid":{"rendered":"https:\/\/www.gallehr.de\/?page_id=87130"},"modified":"2026-03-31T14:33:24","modified_gmt":"2026-03-31T12:33:24","slug":"webinarreihe-industrieumfeld","status":"publish","type":"page","link":"https:\/\/www.gallehr.de\/de\/webinarreihe-industrieumfeld\/","title":{"rendered":"Online-Veranstaltungsreihe \u201ePolitik- und Marktumfeld der energieintensiven Industrie&#8220;"},"content":{"rendered":"<div class=\"wpb-content-wrapper\"><p>[vc_row unlock_row_content=&#8220;yes&#8220; row_height_percent=&#8220;0&#8243; override_padding=&#8220;yes&#8220; h_padding=&#8220;2&#8243; top_padding=&#8220;3&#8243; bottom_padding=&#8220;3&#8243; back_color=&#8220;color-202836&#8243; overlay_alpha=&#8220;50&#8243; gutter_size=&#8220;4&#8243; column_width_use_pixel=&#8220;yes&#8220; shift_y=&#8220;0&#8243; z_index=&#8220;0&#8243; column_width_pixel=&#8220;1600&#8243; uncode_shortcode_id=&#8220;188462&#8243; back_color_type=&#8220;uncode-palette&#8220;][vc_column column_width_percent=&#8220;100&#8243; position_vertical=&#8220;middle&#8220; gutter_size=&#8220;3&#8243; overlay_alpha=&#8220;50&#8243; shift_x=&#8220;0&#8243; shift_y=&#8220;0&#8243; shift_y_down=&#8220;0&#8243; z_index=&#8220;0&#8243; medium_width=&#8220;0&#8243; mobile_width=&#8220;0&#8243; css_animation=&#8220;left-t-right&#8220; animation_delay=&#8220;200&#8243; width=&#8220;2\/3&#8243;][vc_custom_heading heading_semantic=&#8220;h3&#8243; text_size=&#8220;h1&#8243; uncode_shortcode_id=&#8220;186963&#8243;]<\/p>\n<h1><span style=\"font-size: 24pt;\"><strong><span style=\"color: #b01419;\">Online-Veranstaltungsreihe:<\/span><\/strong><\/span><span style=\"font-size: 24pt; color: #5d646b;\"><strong> \u201ePolitik- und Marktumfeld der energieintensiven Industrie\u201c<\/strong><\/span><\/h1>\n<p><span style=\"font-size: 18pt;\"><strong>Einblicke zu j\u00fcngsten Entwicklungen in M\u00e4rkten, F\u00f6rderprogrammen und Regulatorik.<\/strong><\/span><\/p>\n<hr \/>\n<p>[\/vc_custom_heading][vc_column_text uncode_shortcode_id=&#8220;326975&#8243;]<\/p>\n<p style=\"text-align: justify;\"><span style=\"font-size: 12pt;\">In unserer Veranstaltungsreihe informieren <a href=\"https:\/\/www.gallehr.de\/de\/unternehmen\/\">wir<\/a> gemeinsam mit G\u00e4sten u.a. aus unserem Netzwerk regelm\u00e4\u00dfig \u00fcber die neuesten relevanten Entwicklungen in M\u00e4rkten, F\u00f6rderprogrammen und der Regulatorik. Zudem gibt es bei jeder Veranstaltung Fokusthemen, zu denen wir auch externe Expertinnen und Experten einladen werden.<\/span><\/p>\n<p style=\"text-align: justify;\"><span style=\"font-size: 12pt;\">Das n\u00e4chste Webinar findet am <strong>23.04.2026<\/strong> statt. Thema und Agenda k\u00f6nnen im folgenden entnommen werden.<\/span><\/p>\n<p>[\/vc_column_text][vc_empty_space empty_h=&#8220;2&#8243;][vc_button button_color=&#8220;color-184891&#8243; outline=&#8220;yes&#8220; border_width=&#8220;0&#8243; display=&#8220;inline&#8220; inline_mobile=&#8220;yes&#8220; lbox_dir=&#8220;vertical&#8220; link=&#8220;url:https%3A%2F%2Fwww.gallehr.de%2Fde%2Fwebinarreihe-industrieumfeld%2F%23Anmeldung|title:Agenda&#8220; button_color_type=&#8220;uncode-palette&#8220; uncode_shortcode_id=&#8220;605076&#8243;]Anmeldung[\/vc_button][vc_button button_color=&#8220;color-184891&#8243; outline=&#8220;yes&#8220; border_width=&#8220;0&#8243; display=&#8220;inline&#8220; lbox_dir=&#8220;vertical&#8220; link=&#8220;url:https%3A%2F%2Fwww.gallehr.de%2Fde%2Fwebinarreihe-industrieumfeld%2F%23Agenda&#8220; button_color_type=&#8220;uncode-palette&#8220; uncode_shortcode_id=&#8220;615720&#8243;]Agenda[\/vc_button][\/vc_column][vc_column width=&#8220;1\/3&#8243;][vc_single_image media=&#8220;84299&#8243; media_width_percent=&#8220;80&#8243; alignment=&#8220;right&#8220; css_animation=&#8220;right-t-left&#8220; animation_delay=&#8220;200&#8243; uncode_shortcode_id=&#8220;501577&#8243;][\/vc_column][\/vc_row][vc_row unlock_row_content=&#8220;yes&#8220; row_height_percent=&#8220;0&#8243; override_padding=&#8220;yes&#8220; h_padding=&#8220;2&#8243; top_padding=&#8220;3&#8243; bottom_padding=&#8220;3&#8243; back_color=&#8220;color-xsdn&#8220; overlay_alpha=&#8220;50&#8243; gutter_size=&#8220;4&#8243; column_width_use_pixel=&#8220;yes&#8220; shift_y=&#8220;0&#8243; z_index=&#8220;0&#8243; inverted_device_order=&#8220;yes&#8220; column_width_pixel=&#8220;1600&#8243;][vc_column width=&#8220;1\/3&#8243;][vc_single_image media=&#8220;84309&#8243; media_width_percent=&#8220;54&#8243; css_animation=&#8220;left-t-right&#8220; animation_delay=&#8220;200&#8243; uncode_shortcode_id=&#8220;257284&#8243;][\/vc_column][vc_column width=&#8220;2\/3&#8243;][vc_column_text uncode_shortcode_id=&#8220;328544&#8243;]<\/p>\n<h1 style=\"text-align: justify;\"><span style=\"font-size: 24pt;\"><strong><span style=\"color: #b01419;\"><a id=\"Anmeldung\"><\/a>Veranstaltungszeit<\/span><\/strong><\/span><\/h1>\n<p style=\"text-align: justify;\"><span style=\"font-size: 14pt;\">Donnerstag, 23.04.2026 \/ 10:30 Uhr bis 12:00 Uhr<\/span><\/p>\n<hr \/>\n<div id=\"ez-toc-container\" class=\"ez-toc-v2_0_82_2 ez-toc-wrap-left counter-flat ez-toc-counter ez-toc-transparent ez-toc-container-direction\">\n<div class=\"ez-toc-box-title\">Go to<\/div>\n<div class=\"ez-toc-title-container\">\n<span class=\"ez-toc-title-toggle\"><\/span><\/div>\n<nav><ul class='ez-toc-list ez-toc-list-level-1 ' ><li class='ez-toc-page-1'><a class=\"ez-toc-link ez-toc-heading-1\" href=\"https:\/\/www.gallehr.de\/de\/webinarreihe-industrieumfeld\/#Jetzt-hier-anmelden\" >Jetzt hier anmelden:<\/a><\/li><\/ul><\/nav><\/div>\n<h3><span class=\"ez-toc-section\" id=\"Jetzt-hier-anmelden\"><\/span><strong>Jetzt hier anmelden:<\/strong><span class=\"ez-toc-section-end\"><\/span><\/h3>\n\n<div class=\"wpcf7 no-js\" id=\"wpcf7-f87132-o1\" lang=\"de-DE\" dir=\"ltr\" data-wpcf7-id=\"87132\">\n<div class=\"screen-reader-response\"><p role=\"status\" aria-live=\"polite\" aria-atomic=\"true\"><\/p> <ul><\/ul><\/div>\n<form action=\"\/de\/wp-json\/wp\/v2\/pages\/87130#wpcf7-f87132-o1\" method=\"post\" class=\"wpcf7-form init\" aria-label=\"Kontaktformular\" novalidate=\"novalidate\" data-status=\"init\">\n<fieldset class=\"hidden-fields-container\"><input type=\"hidden\" name=\"_wpcf7\" value=\"87132\" \/><input type=\"hidden\" name=\"_wpcf7_version\" value=\"6.1.5\" \/><input type=\"hidden\" name=\"_wpcf7_locale\" value=\"de_DE\" \/><input type=\"hidden\" name=\"_wpcf7_unit_tag\" value=\"wpcf7-f87132-o1\" \/><input type=\"hidden\" name=\"_wpcf7_container_post\" value=\"0\" \/><input type=\"hidden\" name=\"_wpcf7_posted_data_hash\" value=\"\" \/><input type=\"hidden\" name=\"nlang\" value=\"de\" \/>\n<\/fieldset>\n<div class=\"wpcf7-inline-wrapper\">\n\t<p class=\"wpcf7-inline-field\"><span class=\"wpcf7-form-control-wrap\" data-name=\"anrede\"><select class=\"wpcf7-form-control wpcf7-select wpcf7-validates-as-required\" aria-required=\"true\" aria-invalid=\"false\" name=\"anrede\"><option value=\"\">&#8211; Bitte ausw\u00e4hlen &#8211;<\/option><option value=\"Keine Angabe\">Keine Angabe<\/option><option value=\"Herr\">Herr<\/option><option value=\"Frau\">Frau<\/option><\/select><\/span>\n\t<\/p>\n\t<p class=\"wpcf7-inline-field\"><span class=\"wpcf7-form-control-wrap\" data-name=\"vorname\"><input size=\"40\" maxlength=\"400\" class=\"wpcf7-form-control wpcf7-text wpcf7-validates-as-required\" aria-required=\"true\" aria-invalid=\"false\" placeholder=\"Vorname\" value=\"\" type=\"text\" name=\"vorname\" \/><\/span>\n\t<\/p>\n\t<p class=\"wpcf7-inline-field\"><span class=\"wpcf7-form-control-wrap\" data-name=\"nachname\"><input size=\"40\" maxlength=\"400\" class=\"wpcf7-form-control wpcf7-text wpcf7-validates-as-required\" aria-required=\"true\" aria-invalid=\"false\" placeholder=\"Nachname\" value=\"\" type=\"text\" name=\"nachname\" \/><\/span>\n\t<\/p>\n<\/div>\n<p><span class=\"wpcf7-form-control-wrap\" data-name=\"firma\"><input size=\"40\" maxlength=\"400\" class=\"wpcf7-form-control wpcf7-text\" aria-invalid=\"false\" placeholder=\"Firmenname\" value=\"\" type=\"text\" name=\"firma\" \/><\/span>\n<\/p>\n<p><span class=\"wpcf7-form-control-wrap\" data-name=\"email\"><input size=\"40\" maxlength=\"400\" class=\"wpcf7-form-control wpcf7-email wpcf7-validates-as-required wpcf7-text wpcf7-validates-as-email form-fluid\" aria-required=\"true\" aria-invalid=\"false\" placeholder=\"E-Mail\" value=\"\" type=\"email\" name=\"email\" \/><\/span>\n<\/p>\n<p><span class=\"wpcf7-form-control-wrap\" data-name=\"datenschutz\"><span class=\"wpcf7-form-control wpcf7-acceptance\"><span class=\"wpcf7-list-item\"><label><input type=\"checkbox\" name=\"datenschutz\" value=\"1\" aria-invalid=\"false\" \/><span class=\"wpcf7-list-item-label\">Ich bin einverstanden, dass GALLEHR+PARTNER<sup>\u00ae<\/sup> meine Daten f\u00fcr eine Kontaktaufname elektronisch speichert. Die Daten werden nicht an Dritte weitergegeben. Diese Einwilligung kann jederzeit widerrufen werden. Weitere Infos finden Sie in der <a target=\"_blank\" href=\"https:\/\/www.gallehr.de\/haftungshinweis-datenschutzerklaerung\/\">Datenschutzerkl\u00e4rung<\/a>.<\/span><\/label><\/span><\/span><\/span>\n<\/p>\n<p><span id=\"wpcf7-69f12298cbb98-wrapper\" class=\"wpcf7-form-control-wrap honeypot-516-wrap\" style=\"display:none !important; visibility:hidden !important;\"><label for=\"wpcf7-69f12298cbb98-field\" class=\"hp-message\">Bitte lasse dieses Feld leer.<\/label><input id=\"wpcf7-69f12298cbb98-field\"  class=\"wpcf7-form-control wpcf7-text\" type=\"text\" name=\"honeypot-516\" value=\"\" size=\"40\" tabindex=\"-1\" autocomplete=\"new-password\" \/><\/span>\n<\/p>\n<p><input class=\"wpcf7-form-control wpcf7-submit has-spinner btn btn-accent btn-outline\" type=\"submit\" value=\"Absenden\" \/>\n<\/p><div class=\"wpcf7-response-output\" aria-hidden=\"true\"><\/div>\n<\/form>\n<\/div>\n\n<p>[\/vc_column_text][\/vc_column][\/vc_row][vc_row unlock_row_content=&#8220;yes&#8220; row_height_percent=&#8220;0&#8243; override_padding=&#8220;yes&#8220; h_padding=&#8220;2&#8243; top_padding=&#8220;3&#8243; bottom_padding=&#8220;3&#8243; back_color=&#8220;color-202836&#8243; overlay_alpha=&#8220;50&#8243; gutter_size=&#8220;4&#8243; column_width_use_pixel=&#8220;yes&#8220; shift_y=&#8220;0&#8243; z_index=&#8220;0&#8243; column_width_pixel=&#8220;1600&#8243;][vc_column column_width_percent=&#8220;100&#8243; position_vertical=&#8220;middle&#8220; gutter_size=&#8220;3&#8243; overlay_alpha=&#8220;50&#8243; shift_x=&#8220;0&#8243; shift_y=&#8220;0&#8243; shift_y_down=&#8220;0&#8243; z_index=&#8220;0&#8243; medium_width=&#8220;0&#8243; mobile_width=&#8220;0&#8243; css_animation=&#8220;left-t-right&#8220; animation_delay=&#8220;200&#8243; width=&#8220;1\/2&#8243;][vc_custom_heading heading_semantic=&#8220;h3&#8243; text_size=&#8220;h3&#8243; uncode_shortcode_id=&#8220;401021&#8243;]<span style=\"font-size: 14pt;\">Haben Sie sich auch schon eine der folgenden Fragen gestellt? <span style=\"color: #b01419;\">Unsere Online-Webinarreihe kann Ihnen f\u00fcr einen \u00dcberblickgewinn helfen.<\/span><\/span>[\/vc_custom_heading][vc_column_text uncode_shortcode_id=&#8220;135386&#8243;]<\/p>\n<ul>\n<li><span style=\"font-size: 12pt;\">\u201eWelche regulatorischen Anforderungen kommen jetzt auf unser Unternehmen zu? Wie gehen wir damit am Besten um? Sind das nur l\u00e4stige b\u00fcrokratische Pflichten oder liegen darin auch Chancen f\u00fcr uns? Welche?\u201c<\/span><\/li>\n<li><span style=\"font-size: 12pt;\">\u201eViele unserer B2B-Kunden treiben ihre Transformation mit voller Kraft voran. Verlieren wir jetzt den Anschluss? Werden wir von Wettbewerbern oder Newcomern verdr\u00e4ngt? Wie sichern oder st\u00e4rken wir unsere Position?\u201c<\/span><\/li>\n<li><span style=\"font-size: 12pt;\">\u201eUnsere Kapitalgeber achten immer mehr auf Nachhaltigkeit. Was bedeutet das f\u00fcr unseren finanziellen Spielraum?\u201c<\/span><\/li>\n<li><span style=\"font-size: 12pt;\">\u201eWie gehen andere Unternehmen mit diesen Herausforderungen um? Wie verringern sie Risiken oder nutzen Chancen? K\u00f6nnen wir uns hier etwas abschauen?\u201c<\/span><\/li>\n<\/ul>\n<p>[\/vc_column_text][\/vc_column][vc_column width=&#8220;1\/2&#8243;][vc_single_image media=&#8220;84530&#8243; media_width_percent=&#8220;55&#8243; alignment=&#8220;right&#8220; css_animation=&#8220;right-t-left&#8220; animation_delay=&#8220;200&#8243; uncode_shortcode_id=&#8220;296813&#8243;][\/vc_column][\/vc_row][vc_row unlock_row_content=&#8220;yes&#8220; row_height_percent=&#8220;0&#8243; override_padding=&#8220;yes&#8220; h_padding=&#8220;2&#8243; top_padding=&#8220;3&#8243; bottom_padding=&#8220;3&#8243; back_color=&#8220;color-xsdn&#8220; overlay_alpha=&#8220;50&#8243; gutter_size=&#8220;4&#8243; column_width_use_pixel=&#8220;yes&#8220; shift_y=&#8220;0&#8243; z_index=&#8220;0&#8243; column_width_pixel=&#8220;1600&#8243; uncode_shortcode_id=&#8220;189977&#8243; back_color_type=&#8220;uncode-palette&#8220;][vc_column width=&#8220;1\/4&#8243;][vc_single_image media=&#8220;84309&#8243; media_width_percent=&#8220;54&#8243; css_animation=&#8220;left-t-right&#8220; animation_delay=&#8220;200&#8243; uncode_shortcode_id=&#8220;257284&#8243;][\/vc_column][vc_column column_width_percent=&#8220;100&#8243; gutter_size=&#8220;3&#8243; overlay_alpha=&#8220;50&#8243; shift_x=&#8220;0&#8243; shift_y=&#8220;0&#8243; shift_y_down=&#8220;0&#8243; z_index=&#8220;0&#8243; medium_width=&#8220;0&#8243; mobile_width=&#8220;0&#8243; width=&#8220;3\/4&#8243; uncode_shortcode_id=&#8220;203435&#8243;][vc_column_text text_lead=&#8220;yes&#8220; css_animation=&#8220;top-t-bottom&#8220; uncode_shortcode_id=&#8220;112567&#8243;]<\/p>\n<h2><strong><a id=\"Agenda\"><\/a>Agenda Online-Webinar am 23.04.2026<\/strong><\/h2>\n<p>[\/vc_column_text][vc_column_text css_animation=&#8220;top-t-bottom&#8220; uncode_shortcode_id=&#8220;784011&#8243;]<\/p>\n<table style=\"width: 100%; height: 601px;\">\n<tbody>\n<tr style=\"height: 22px;\">\n<td style=\"width: 4.35274%; height: 22px;\"><span style=\"color: #b01419;\"><strong>Ab 10:30<\/strong><\/span><\/td>\n<td style=\"width: 95.1385%; height: 22px;\"><strong><span style=\"font-size: 12pt;\">Webinar Beginn<\/span><\/strong><\/td>\n<\/tr>\n<tr style=\"height: 2px;\">\n<td style=\"width: 4.35274%; height: 138px;\"><span style=\"color: #b11116;\"><strong>10:30-10:40<\/strong><\/span><\/td>\n<td style=\"width: 95.1385%; height: 138px;\"><strong><span style=\"font-size: 12pt;\">Begr\u00fc\u00dfung und Vorstellung<\/span><br \/>\n<\/strong><span style=\"font-size: 10pt;\"><span style=\"color: #b11116;\"><strong>Sven Worm &#8211; GALLEHR+PARTNER<sup>\u00ae<\/sup><\/strong><\/span><\/span><\/td>\n<\/tr>\n<tr style=\"height: 2px;\">\n<td style=\"width: 4.35274%; height: 141px;\"><span style=\"color: #b01419;\"><strong>10:40-10:55<\/strong><\/span><\/td>\n<td style=\"width: 95.1385%; height: 141px;\"><strong><span style=\"font-size: 12pt;\">Neuigkeiten aus dem politisch-regulatorischen Umfeld<\/span><br \/>\n<\/strong><span style=\"font-size: 10pt;\"><strong><span style=\"color: #b01419;\">Sven Worm &#8211; GALLEHR+PARTNER<sup>\u00ae<\/sup><\/span><\/strong><\/span><\/td>\n<\/tr>\n<tr style=\"height: 2px;\">\n<td style=\"width: 4.35274%; height: 139px;\"><span style=\"color: #b01419;\"><strong>10:55-11:25<\/strong><\/span><\/td>\n<td style=\"width: 95.1385%; height: 139px;\"><strong><span style=\"font-size: 12pt;\">Aktuelle Entwicklungen im Europ\u00e4ischen Emissionshandel 1 und Strompreiskompensation<\/span><br \/>\n<\/strong><span style=\"color: #b11116; font-size: 10pt;\"><strong>Sven Worm &#8211; GALLEHR+PARTNER<sup>\u00ae<\/sup><\/strong><\/span><\/td>\n<\/tr>\n<tr style=\"height: 2px;\">\n<td style=\"width: 4.35274%; height: 139px;\"><span style=\"color: #b01419;\"><strong>11:25-11:50<\/strong><\/span><\/td>\n<td style=\"width: 95.1385%; height: 139px;\"><strong><span style=\"font-size: 12pt;\">CO<sub>2<\/sub>-Differenzvertr\u00e4ge &#8211; Alles was Sie \u00fcber den Beginn der Gebotsphase wissen m\u00fcssen<br \/>\n<\/span><\/strong><span style=\"font-size: 10pt; color: #b11116;\"><strong>Quentin Scharf &#8211; GALLEHR+PARTNER<sup>\u00ae<\/sup><\/strong><\/span><\/td>\n<\/tr>\n<tr style=\"height: 22px;\">\n<td style=\"width: 4.35274%; height: 22px;\"><span style=\"color: #b01419;\"><strong>11:50-Ende<\/strong><\/span><\/td>\n<td style=\"width: 95.1385%; height: 22px;\"><span style=\"font-size: 12pt;\"><strong>Gespr\u00e4chs- und Fragerunde<\/strong><\/span><\/td>\n<\/tr>\n<\/tbody>\n<\/table>\n<p>[\/vc_column_text][\/vc_column][\/vc_row][vc_row unlock_row_content=&#8220;yes&#8220; row_height_percent=&#8220;0&#8243; override_padding=&#8220;yes&#8220; h_padding=&#8220;2&#8243; top_padding=&#8220;3&#8243; bottom_padding=&#8220;3&#8243; back_color=&#8220;color-202836&#8243; overlay_alpha=&#8220;50&#8243; gutter_size=&#8220;4&#8243; column_width_use_pixel=&#8220;yes&#8220; shift_y=&#8220;0&#8243; z_index=&#8220;0&#8243; column_width_pixel=&#8220;1600&#8243; uncode_shortcode_id=&#8220;553108&#8243; back_color_type=&#8220;uncode-palette&#8220;][vc_column column_width_percent=&#8220;100&#8243; align_horizontal=&#8220;align_center&#8220; gutter_size=&#8220;3&#8243; overlay_alpha=&#8220;50&#8243; shift_x=&#8220;0&#8243; shift_y=&#8220;0&#8243; shift_y_down=&#8220;0&#8243; z_index=&#8220;0&#8243; medium_width=&#8220;0&#8243; mobile_width=&#8220;0&#8243; width=&#8220;1\/1&#8243;][vc_column_text css_animation=&#8220;top-t-bottom&#8220; uncode_shortcode_id=&#8220;127318&#8243;]Weitere Informationen zu unserem Unternehmen erhalten Sie hier:[\/vc_column_text][vc_empty_space empty_h=&#8220;2&#8243;][vc_button button_color=&#8220;color-184891&#8243; outline=&#8220;yes&#8220; border_width=&#8220;0&#8243; display=&#8220;inline&#8220; css_animation=&#8220;bottom-t-top&#8220; animation_delay=&#8220;100&#8243; link=&#8220;url:https%3A%2F%2Fwww.gallehr.de%2Fde%2Fleistungen%2F|target:_blank&#8220; button_color_type=&#8220;uncode-palette&#8220; uncode_shortcode_id=&#8220;148578&#8243;]Leistungen[\/vc_button][vc_button button_color=&#8220;color-184891&#8243; outline=&#8220;yes&#8220; border_width=&#8220;0&#8243; display=&#8220;inline&#8220; css_animation=&#8220;bottom-t-top&#8220; animation_delay=&#8220;100&#8243; link=&#8220;url:https%3A%2F%2Fwww.gallehr.de%2Fde%2Freferenzen%2F|target:_blank&#8220; button_color_type=&#8220;uncode-palette&#8220; uncode_shortcode_id=&#8220;153141&#8243;]Referenzen[\/vc_button][vc_button button_color=&#8220;color-184891&#8243; outline=&#8220;yes&#8220; border_width=&#8220;0&#8243; display=&#8220;inline&#8220; lbox_dir=&#8220;vertical&#8220; link=&#8220;url:https%3A%2F%2Fwww.gallehr.de%2Fwordpress%2Fwp-content%2Fuploads%2F2026%2F03%2FGSR_Kurzvorstellung-2026-01.pdf|target:_blank&#8220; button_color_type=&#8220;uncode-palette&#8220; uncode_shortcode_id=&#8220;781813&#8243;]Kurzvorstellung[\/vc_button][vc_button button_color=&#8220;color-184891&#8243; outline=&#8220;yes&#8220; border_width=&#8220;0&#8243; display=&#8220;inline&#8220; css_animation=&#8220;bottom-t-top&#8220; animation_delay=&#8220;100&#8243; link=&#8220;url:https%3A%2F%2Fwww.gallehr.de%2Fnews%2F&#8220;]News &amp; Infos[\/vc_button][\/vc_column][\/vc_row]<\/p>\n<\/div>","protected":false},"excerpt":{"rendered":"<p>[vc_row unlock_row_content=&#8220;yes&#8220; row_height_percent=&#8220;0&#8243; override_padding=&#8220;yes&#8220; h_padding=&#8220;2&#8243; top_padding=&#8220;3&#8243; bottom_padding=&#8220;3&#8243; back_color=&#8220;color-202836&#8243; overlay_alpha=&#8220;50&#8243; gutter_size=&#8220;4&#8243; column_width_use_pixel=&#8220;yes&#8220; shift_y=&#8220;0&#8243; z_index=&#8220;0&#8243; column_width_pixel=&#8220;1600&#8243; uncode_shortcode_id=&#8220;188462&#8243; back_color_type=&#8220;uncode-palette&#8220;][vc_column column_width_percent=&#8220;100&#8243; position_vertical=&#8220;middle&#8220; gutter_size=&#8220;3&#8243; overlay_alpha=&#8220;50&#8243; [&hellip;]<\/p>\n","protected":false},"author":17,"featured_media":0,"parent":0,"menu_order":20,"comment_status":"closed","ping_status":"closed","template":"","meta":{"footnotes":""},"class_list":["post-87130","page","type-page","status-publish","hentry"],"_links":{"self":[{"href":"https:\/\/www.gallehr.de\/de\/wp-json\/wp\/v2\/pages\/87130","targetHints":{"allow":["GET"]}}],"collection":[{"href":"https:\/\/www.gallehr.de\/de\/wp-json\/wp\/v2\/pages"}],"about":[{"href":"https:\/\/www.gallehr.de\/de\/wp-json\/wp\/v2\/types\/page"}],"author":[{"embeddable":true,"href":"https:\/\/www.gallehr.de\/de\/wp-json\/wp\/v2\/users\/17"}],"replies":[{"embeddable":true,"href":"https:\/\/www.gallehr.de\/de\/wp-json\/wp\/v2\/comments?post=87130"}],"version-history":[{"count":0,"href":"https:\/\/www.gallehr.de\/de\/wp-json\/wp\/v2\/pages\/87130\/revisions"}],"wp:attachment":[{"href":"https:\/\/www.gallehr.de\/de\/wp-json\/wp\/v2\/media?parent=87130"}],"curies":[{"name":"wp","href":"https:\/\/api.w.org\/{rel}","templated":true}]}}