{"id":84130,"date":"2021-03-17T12:54:18","date_gmt":"2021-03-17T11:54:18","guid":{"rendered":"http:\/\/gallehr.deetag.de\/?page_id=84130"},"modified":"2025-05-09T09:29:13","modified_gmt":"2025-05-09T07:29:13","slug":"strompreiskompensation","status":"publish","type":"page","link":"https:\/\/www.gallehr.de\/de\/leistungen\/strompreiskompensation\/","title":{"rendered":"Strompreiskompensation"},"content":{"rendered":"<div class=\"wpb-content-wrapper\"><p>[vc_row unlock_row_content=&#8220;yes&#8220; row_height_percent=&#8220;0&#8243; override_padding=&#8220;yes&#8220; h_padding=&#8220;2&#8243; top_padding=&#8220;3&#8243; bottom_padding=&#8220;3&#8243; back_color=&#8220;color-xsdn&#8220; overlay_alpha=&#8220;50&#8243; gutter_size=&#8220;4&#8243; column_width_use_pixel=&#8220;yes&#8220; shift_y=&#8220;0&#8243; z_index=&#8220;0&#8243; column_width_pixel=&#8220;1600&#8243;][vc_column column_width_percent=&#8220;100&#8243; position_vertical=&#8220;middle&#8220; gutter_size=&#8220;3&#8243; overlay_alpha=&#8220;50&#8243; shift_x=&#8220;0&#8243; shift_y=&#8220;0&#8243; shift_y_down=&#8220;0&#8243; z_index=&#8220;0&#8243; medium_width=&#8220;0&#8243; mobile_width=&#8220;0&#8243; css_animation=&#8220;left-t-right&#8220; animation_delay=&#8220;200&#8243; width=&#8220;1\/2&#8243;][vc_custom_heading heading_semantic=&#8220;h3&#8243; text_size=&#8220;h1&#8243;]Strompreiskompensation[\/vc_custom_heading][vc_column_text uncode_shortcode_id=&#8220;170010&#8243;]Die im Strompreis enthaltenen <a href=\"https:\/\/www.dehst.de\/DE\/Strompreiskompensation\/SPK_verstehen\/spk-verstehen_node.html\" target=\"_blank\" rel=\"noopener\">indirekten CO\u2082-Kosten<\/a> stellen im Sinne von \u201eMehrbelastung\u201c einen \u00e4u\u00dferen Einflussfaktor f\u00fcr stromintensive Industrie dar. Um Unternehmen bei diesen Mehrbelastungen zu unterst\u00fctzen, gew\u00e4hrt der Gesetzgeber gewissen beihilfef\u00e4higen Unternehmenssektoren eine Teilkompensation der im Strompreis enthaltenen indirekten CO\u2082-Kosten. Der anzuwendende <a href=\"https:\/\/boersen.manager-magazin.de\/kursinformation\/DE000CU3RPS9\/\" target=\"_blank\" rel=\"noopener\">EUA-Preis<\/a> zur Berechnung der Beihilfeh\u00f6he entspricht dem des jeweiligen Abrechnungsjahres.<\/p>\n<p>F\u00fcr die Antragstellung auf Strompreiskompensation muss voraussichtlich <strong>bis 31.05 jeden Jahres<\/strong> bei der DEHSt ein formaler, von einem Wirtschaftspr\u00fcfer verifizierter Antrag qualifiziert signiert \u00fcber die<a href=\"https:\/\/www.dehst.de\/DE\/service\/elektronische-kommunikation\/Virtuelle_Poststelle\/virtuelle-poststelle_node.html\" target=\"_blank\" rel=\"noopener\"> virtuelle Poststelle (VPS)<\/a> eingereicht werden. Die dabei seitens der <a href=\"https:\/\/www.dehst.de\/DE\/startseite\/startseite-node.html\" target=\"_blank\" rel=\"noopener\">DEHSt<\/a> anzuwendende Antragsfrist ist als eine Ausschlussfrist zu verstehen.<\/p>\n<p>Das Beihilfefahren ist durch den im September 2022 ver\u00f6ffentlichten Leitfaden <a href=\"https:\/\/www.dehst.de\/SharedDocs\/downloads\/DE\/spk\/SPK-Leitfaden.pdf?__blob=publicationFile&amp;v=2\" target=\"_blank\" rel=\"noopener\">&#8222;Leitfaden zur Erstellung von Antr\u00e4gen auf Beihilfen f\u00fcr indirekte CO\u2082-Kosten (Strompreiskompensation)&#8220;<\/a> auch f\u00fcr die weiteren Antragsjahre geregelt. Nichtsdestotrotz sind j\u00e4hrliche Aktualisierungen des Leitfadens zu erwarten.[\/vc_column_text][\/vc_column][vc_column column_width_percent=&#8220;100&#8243; gutter_size=&#8220;3&#8243; overlay_alpha=&#8220;50&#8243; shift_x=&#8220;0&#8243; shift_y=&#8220;0&#8243; shift_y_down=&#8220;0&#8243; z_index=&#8220;0&#8243; medium_width=&#8220;0&#8243; mobile_width=&#8220;0&#8243; width=&#8220;1\/2&#8243;][vc_single_image media=&#8220;84523&#8243; media_width_percent=&#8220;55&#8243; alignment=&#8220;right&#8220; css_animation=&#8220;right-t-left&#8220; animation_delay=&#8220;200&#8243;][\/vc_column][\/vc_row][vc_row unlock_row_content=&#8220;yes&#8220; row_height_percent=&#8220;0&#8243; override_padding=&#8220;yes&#8220; h_padding=&#8220;2&#8243; top_padding=&#8220;3&#8243; bottom_padding=&#8220;3&#8243; back_color=&#8220;color-202836&#8243; overlay_alpha=&#8220;50&#8243; gutter_size=&#8220;4&#8243; column_width_use_pixel=&#8220;yes&#8220; shift_y=&#8220;0&#8243; z_index=&#8220;0&#8243; inverted_device_order=&#8220;yes&#8220; column_width_pixel=&#8220;1600&#8243;][vc_column width=&#8220;1\/2&#8243;][vc_single_image media=&#8220;84525&#8243; media_width_percent=&#8220;55&#8243; css_animation=&#8220;left-t-right&#8220; animation_delay=&#8220;200&#8243;][\/vc_column][vc_column column_width_percent=&#8220;100&#8243; position_vertical=&#8220;middle&#8220; gutter_size=&#8220;3&#8243; overlay_alpha=&#8220;50&#8243; shift_x=&#8220;0&#8243; shift_y=&#8220;0&#8243; shift_y_down=&#8220;0&#8243; z_index=&#8220;0&#8243; medium_width=&#8220;0&#8243; mobile_width=&#8220;0&#8243; css_animation=&#8220;right-t-left&#8220; animation_delay=&#8220;200&#8243; width=&#8220;1\/2&#8243;][vc_custom_heading heading_semantic=&#8220;h3&#8243; text_size=&#8220;h3&#8243;]Wir unterst\u00fctzen bei der:[\/vc_custom_heading][vc_column_text uncode_shortcode_id=&#8220;171889&#8243;]<\/p>\n<ul>\n<li>\u00dcberpr\u00fcfung der bereitgestellten Daten auf Vollst\u00e4ndigkeit<\/li>\n<li>Durchf\u00fchrung und Optimierung Ihrer Antragstellungen und \u00c4nderungsantr\u00e4ge im geforderten Format <a href=\"https:\/\/www.formulare.dehst.de\/strompreiskompensation.html\" target=\"_blank\" rel=\"noopener\">(Formular Management System der DEHSt.)<\/a><\/li>\n<li>Begleitung der Pr\u00fcfung durch Wirtschaftspr\u00fcfer und Beh\u00f6rde sowie Unterst\u00fctzungsleistung bei der Beh\u00f6rdenkommunikation (VPS Unterst\u00fctzung)<\/li>\n<li>Durchf\u00fchrung des Versands und der Kommunikation \u00fcber die virtuelle Poststelle der DEHSt. (VPS) inklusive VPS Backup<\/li>\n<li>Unterst\u00fctzung im Umgang mit den \u00f6kologischen Gegenleistungen<\/li>\n<li>Nach Beihilfegew\u00e4hrung: Plausibilisierung der Beihilfemenge<\/li>\n<\/ul>\n<p>Auf Wunsch \u00fcbernimmt GALLEHR+PARTNER\u00ae f\u00fcr Sie auch den kompletten Antragsprozess inklusive der Erstellung s\u00e4mtlicher Antragsunterlagen, Datenanalysen und Beh\u00f6rdenkommunikation.<\/p>\n<p>Gerne erstellen wir Ihnen ein ma\u00dfgeschneidertes Angebot.<\/p>\n<p>GALLEHR+PARTNER<sup>\u00ae<\/sup> bietet Ihnen eine unverbindliche <a href=\"https:\/\/www.gallehr.de\/wordpress\/wp-content\/uploads\/2023\/01\/Fragebogen_SPK_v3-2.pdf\" target=\"_blank\" rel=\"noopener\">Pr\u00fcfung der Beihilfef\u00e4higkeit<\/a> sowie eine <a href=\"https:\/\/www.gallehr.de\/wordpress\/wp-content\/uploads\/2023\/01\/Fragebogen_SPK_v3-2.pdf\" target=\"_blank\" rel=\"noopener\">Absch\u00e4tzung der zu erwartenden Beihilfeh\u00f6he<\/a> an. Unter dem beigef\u00fcgten Button erhalten Sie Zugang zu dem daf\u00fcr vorgesehenen <a href=\"https:\/\/www.gallehr.de\/wordpress\/wp-content\/uploads\/2023\/01\/Fragebogen_SPK_v3-2.pdf\" target=\"_blank\" rel=\"noopener\">Fragebogen zur Absch\u00e4tzung<\/a> Ihrer Beihilfe. Bei Bedarf wenden Sie sich gerne <a href=\"https:\/\/www.gallehr.de\/de\/kontakt\/\" target=\"_blank\" rel=\"noopener\">direkt an uns<\/a>.[\/vc_column_text][vc_empty_space empty_h=&#8220;2&#8243;][vc_button button_color=&#8220;color-184891&#8243; outline=&#8220;yes&#8220; border_width=&#8220;0&#8243; display=&#8220;inline&#8220; link=&#8220;url:https%3A%2F%2Fwww.gallehr.de%2Fkontakt%2F&#8220;]Kontakt[\/vc_button][vc_button button_color=&#8220;color-184891&#8243; outline=&#8220;yes&#8220; border_width=&#8220;0&#8243; display=&#8220;inline&#8220; link=&#8220;url:https%3A%2F%2Fwww.gallehr.de%2Fwordpress%2Fwp-content%2Fuploads%2F2023%2F01%2FFragebogen_SPK_v3-2.pdf|target:_blank&#8220; button_color_type=&#8220;uncode-palette&#8220; uncode_shortcode_id=&#8220;105978&#8243;]Fragebogen zur Absch\u00e4tzung der Beihilfe (Download)[\/vc_button][\/vc_column][\/vc_row][vc_row unlock_row_content=&#8220;yes&#8220; row_height_percent=&#8220;0&#8243; override_padding=&#8220;yes&#8220; h_padding=&#8220;2&#8243; top_padding=&#8220;3&#8243; bottom_padding=&#8220;3&#8243; back_color=&#8220;color-xsdn&#8220; overlay_alpha=&#8220;50&#8243; gutter_size=&#8220;4&#8243; column_width_use_pixel=&#8220;yes&#8220; shift_y=&#8220;0&#8243; z_index=&#8220;0&#8243; content_parallax=&#8220;0&#8243; column_width_pixel=&#8220;1600&#8243; uncode_shortcode_id=&#8220;210741&#8243; back_color_type=&#8220;uncode-palette&#8220;][vc_column column_width_percent=&#8220;100&#8243; position_vertical=&#8220;middle&#8220; gutter_size=&#8220;3&#8243; overlay_alpha=&#8220;50&#8243; shift_x=&#8220;0&#8243; shift_y=&#8220;0&#8243; shift_y_down=&#8220;0&#8243; z_index=&#8220;0&#8243; medium_width=&#8220;0&#8243; mobile_width=&#8220;0&#8243; css_animation=&#8220;left-t-right&#8220; animation_delay=&#8220;200&#8243; width=&#8220;1\/2&#8243;][vc_column_text uncode_shortcode_id=&#8220;731528&#8243;]F\u00fcr Rechtsdienstleistungen und\/oder Steuerberatung, deren Erbringung gem\u00e4\u00df rechtlichen Bestimmungen Rechtsanw\u00e4lten und\/oder Steuerberatern vorbehalten ist kooperieren wir z.B. mit verschiedenen im Energie- und Umweltbereich renommierten Anwaltskanzleien wie <a href=\"https:\/\/www.kk-rae.de\/dr-markus-ehrmann\">K\u00f6chling &amp; Krahnefeld Rechtsanw\u00e4lte<\/a>, <a href=\"https:\/\/ritter-gent.de\/\" target=\"_blank\" rel=\"noopener\">Ritter, Gent &amp; Collegen<\/a> und <a href=\"https:\/\/www.hoffmannliebs.de\/\" target=\"_blank\" rel=\"noopener\">Hoffmann Liebs<\/a> , welche ihre diesbez\u00fcglichen Fragestellungen kompetent direkt bearbeiten.[\/vc_column_text][\/vc_column][vc_column column_width_percent=&#8220;100&#8243; gutter_size=&#8220;3&#8243; overlay_alpha=&#8220;50&#8243; shift_x=&#8220;0&#8243; shift_y=&#8220;0&#8243; shift_y_down=&#8220;0&#8243; z_index=&#8220;0&#8243; medium_width=&#8220;0&#8243; mobile_width=&#8220;0&#8243; width=&#8220;1\/2&#8243;][vc_single_image media=&#8220;84522&#8243; media_width_percent=&#8220;40&#8243; alignment=&#8220;right&#8220; css_animation=&#8220;right-t-left&#8220; animation_delay=&#8220;200&#8243; uncode_shortcode_id=&#8220;116652&#8243;][\/vc_column][\/vc_row][vc_row unlock_row_content=&#8220;yes&#8220; row_height_percent=&#8220;0&#8243; override_padding=&#8220;yes&#8220; h_padding=&#8220;2&#8243; top_padding=&#8220;3&#8243; bottom_padding=&#8220;3&#8243; back_color=&#8220;color-104814&#8243; overlay_alpha=&#8220;50&#8243; gutter_size=&#8220;4&#8243; column_width_use_pixel=&#8220;yes&#8220; shift_y=&#8220;0&#8243; z_index=&#8220;0&#8243; content_parallax=&#8220;0&#8243; column_width_pixel=&#8220;1600&#8243; uncode_shortcode_id=&#8220;182355&#8243; back_color_type=&#8220;uncode-palette&#8220;][vc_column column_width_percent=&#8220;100&#8243; align_horizontal=&#8220;align_center&#8220; gutter_size=&#8220;3&#8243; overlay_alpha=&#8220;50&#8243; shift_x=&#8220;0&#8243; shift_y=&#8220;0&#8243; shift_y_down=&#8220;0&#8243; z_index=&#8220;0&#8243; medium_width=&#8220;0&#8243; mobile_width=&#8220;0&#8243; width=&#8220;1\/1&#8243;][vc_column_text uncode_shortcode_id=&#8220;850089&#8243;]<\/p>\n<div id=\"ez-toc-container\" class=\"ez-toc-v2_0_82_2 ez-toc-wrap-left counter-flat ez-toc-counter ez-toc-transparent ez-toc-container-direction\">\n<div class=\"ez-toc-box-title\">Go to<\/div>\n<div class=\"ez-toc-title-container\">\n<span class=\"ez-toc-title-toggle\"><\/span><\/div>\n<nav><ul class='ez-toc-list ez-toc-list-level-1 ' ><li class='ez-toc-page-1'><a class=\"ez-toc-link ez-toc-heading-1\" href=\"https:\/\/www.gallehr.de\/de\/leistungen\/strompreiskompensation\/#Aktuellste-Nachrichten-im-Bereich-Strompreiskompensation\" >Aktuellste Nachrichten im Bereich Strompreiskompensation<\/a><\/li><\/ul><\/nav><\/div>\n<h3><span class=\"ez-toc-section\" id=\"Aktuellste-Nachrichten-im-Bereich-Strompreiskompensation\"><\/span><span style=\"color: #b11116;\">Aktuellste Nachrichten im Bereich Strompreiskompensation<\/span><span class=\"ez-toc-section-end\"><\/span><\/h3>\n<p>[\/vc_column_text][uncode_index el_id=&#8220;index-1179619133&#8243; isotope_mode=&#8220;fitRows&#8220; loop=&#8220;size:3|order_by:date|order:DESC|post_type:post|categories:848,849|taxonomy_count:10&#8243; screen_lg=&#8220;1100&#8243; screen_md=&#8220;960&#8243; screen_sm=&#8220;480&#8243; gutter_size=&#8220;3&#8243; post_items=&#8220;media|featured|onpost|poster,icon|md,date,title,author|sm_size|hide_qualification,category|nobg|relative|display-icon&#8220; page_items=&#8220;title,media,text,category&#8220; product_items=&#8220;title,media,text,category,price&#8220; portfolio_items=&#8220;title,media,text,category&#8220; footer_back_color=&#8220;color-202836&#8243; images_size=&#8220;three-two&#8220; single_back_color=&#8220;color-xsdn&#8220; single_shape=&#8220;round&#8220; radius=&#8220;xs&#8220; single_overlay_opacity=&#8220;50&#8243; single_padding=&#8220;2&#8243; single_title_dimension=&#8220;h5&#8243; single_shadow=&#8220;yes&#8220; shadow_weight=&#8220;sm&#8220; single_css_animation=&#8220;zoom-in&#8220; single_half_padding=&#8220;&#8220; single_title_uppercase=&#8220;&#8220; single_title_bold=&#8220;yes&#8220; single_title_serif=&#8220;&#8220; single_title_divider=&#8220;&#8220; single_no_background=&#8220;&#8220; footer_position=&#8220;left&#8220; carousel_rtl=&#8220;&#8220; uncode_shortcode_id=&#8220;167326&#8243; footer_back_color_type=&#8220;uncode-palette&#8220;][\/vc_column][\/vc_row][vc_row unlock_row_content=&#8220;yes&#8220; row_height_percent=&#8220;0&#8243; override_padding=&#8220;yes&#8220; h_padding=&#8220;2&#8243; top_padding=&#8220;3&#8243; bottom_padding=&#8220;3&#8243; back_color=&#8220;color-xsdn&#8220; overlay_alpha=&#8220;50&#8243; gutter_size=&#8220;4&#8243; column_width_use_pixel=&#8220;yes&#8220; shift_y=&#8220;0&#8243; z_index=&#8220;0&#8243; column_width_pixel=&#8220;1600&#8243;][vc_column column_width_percent=&#8220;100&#8243; align_horizontal=&#8220;align_center&#8220; gutter_size=&#8220;3&#8243; overlay_alpha=&#8220;50&#8243; shift_x=&#8220;0&#8243; shift_y=&#8220;0&#8243; shift_y_down=&#8220;0&#8243; z_index=&#8220;0&#8243; medium_width=&#8220;0&#8243; mobile_width=&#8220;0&#8243; width=&#8220;1\/1&#8243;][vc_column_text css_animation=&#8220;top-t-bottom&#8220;]Weitere Informationen zum Thema &#8222;Strompreiskompensation&#8220; erhalten Sie hier:[\/vc_column_text][vc_empty_space empty_h=&#8220;2&#8243;][vc_button button_color=&#8220;color-184891&#8243; outline=&#8220;yes&#8220; border_width=&#8220;0&#8243; display=&#8220;inline&#8220; css_animation=&#8220;bottom-t-top&#8220; animation_delay=&#8220;100&#8243; link=&#8220;url:https%3A%2F%2Fwww.gallehr.de%2Fnews%2F&#8220;]News &amp; Infos[\/vc_button][\/vc_column][\/vc_row]<\/p>\n<\/div>","protected":false},"excerpt":{"rendered":"<p>[vc_row unlock_row_content=&#8220;yes&#8220; row_height_percent=&#8220;0&#8243; override_padding=&#8220;yes&#8220; h_padding=&#8220;2&#8243; top_padding=&#8220;3&#8243; bottom_padding=&#8220;3&#8243; back_color=&#8220;color-xsdn&#8220; overlay_alpha=&#8220;50&#8243; gutter_size=&#8220;4&#8243; column_width_use_pixel=&#8220;yes&#8220; shift_y=&#8220;0&#8243; z_index=&#8220;0&#8243; column_width_pixel=&#8220;1600&#8243;][vc_column column_width_percent=&#8220;100&#8243; position_vertical=&#8220;middle&#8220; gutter_size=&#8220;3&#8243; overlay_alpha=&#8220;50&#8243; shift_x=&#8220;0&#8243; shift_y=&#8220;0&#8243; [&hellip;]<\/p>\n","protected":false},"author":6,"featured_media":0,"parent":84120,"menu_order":0,"comment_status":"closed","ping_status":"closed","template":"","meta":{"footnotes":""},"class_list":["post-84130","page","type-page","status-publish","hentry"],"_links":{"self":[{"href":"https:\/\/www.gallehr.de\/de\/wp-json\/wp\/v2\/pages\/84130","targetHints":{"allow":["GET"]}}],"collection":[{"href":"https:\/\/www.gallehr.de\/de\/wp-json\/wp\/v2\/pages"}],"about":[{"href":"https:\/\/www.gallehr.de\/de\/wp-json\/wp\/v2\/types\/page"}],"author":[{"embeddable":true,"href":"https:\/\/www.gallehr.de\/de\/wp-json\/wp\/v2\/users\/6"}],"replies":[{"embeddable":true,"href":"https:\/\/www.gallehr.de\/de\/wp-json\/wp\/v2\/comments?post=84130"}],"version-history":[{"count":0,"href":"https:\/\/www.gallehr.de\/de\/wp-json\/wp\/v2\/pages\/84130\/revisions"}],"up":[{"embeddable":true,"href":"https:\/\/www.gallehr.de\/de\/wp-json\/wp\/v2\/pages\/84120"}],"wp:attachment":[{"href":"https:\/\/www.gallehr.de\/de\/wp-json\/wp\/v2\/media?parent=84130"}],"curies":[{"name":"wp","href":"https:\/\/api.w.org\/{rel}","templated":true}]}}