{"id":84120,"date":"2021-03-17T12:16:28","date_gmt":"2021-03-17T11:16:28","guid":{"rendered":"http:\/\/gallehr.deetag.de\/?page_id=84120"},"modified":"2026-04-20T11:26:49","modified_gmt":"2026-04-20T09:26:49","slug":"leistungen","status":"publish","type":"page","link":"https:\/\/www.gallehr.de\/de\/leistungen\/","title":{"rendered":"Leistungen"},"content":{"rendered":"<div class=\"wpb-content-wrapper\"><p>[vc_row row_height_percent=&#8220;0&#8243; override_padding=&#8220;yes&#8220; h_padding=&#8220;2&#8243; top_padding=&#8220;3&#8243; bottom_padding=&#8220;3&#8243; back_color=&#8220;color-xsdn&#8220; overlay_alpha=&#8220;0&#8243; gutter_size=&#8220;100&#8243; column_width_percent=&#8220;100&#8243; shift_y=&#8220;0&#8243; z_index=&#8220;0&#8243; style=&#8220;inherited&#8220;][vc_column column_width_percent=&#8220;100&#8243; align_horizontal=&#8220;align_center&#8220; gutter_size=&#8220;4&#8243; overlay_alpha=&#8220;100&#8243; shift_x=&#8220;0&#8243; shift_y=&#8220;0&#8243; shift_y_down=&#8220;0&#8243; z_index=&#8220;0&#8243; medium_width=&#8220;0&#8243; mobile_width=&#8220;0&#8243; zoom_width=&#8220;0&#8243; zoom_height=&#8220;0&#8243; width=&#8220;1\/1&#8243;][vc_row_inner row_inner_height_percent=&#8220;0&#8243; overlay_alpha=&#8220;50&#8243; gutter_size=&#8220;3&#8243; shift_y=&#8220;0&#8243;][vc_column_inner column_width_use_pixel=&#8220;yes&#8220; align_horizontal=&#8220;align_center&#8220; gutter_size=&#8220;2&#8243; overlay_alpha=&#8220;100&#8243; shift_x=&#8220;0&#8243; shift_y=&#8220;0&#8243; shift_y_down=&#8220;0&#8243; z_index=&#8220;0&#8243; medium_width=&#8220;0&#8243; mobile_width=&#8220;0&#8243; zoom_width=&#8220;0&#8243; zoom_height=&#8220;0&#8243; width=&#8220;1\/1&#8243; column_width_pixel=&#8220;600&#8243; mobile_width_full=&#8220;&#8220;][vc_custom_heading heading_semantic=&#8220;h3&#8243; text_size=&#8220;h1&#8243; css_animation=&#8220;bottom-t-top&#8220; animation_delay=&#8220;100&#8243;]Unsere Leistungen[\/vc_custom_heading][\/vc_column_inner][\/vc_row_inner][vc_row_inner row_inner_height_percent=&#8220;0&#8243; overlay_alpha=&#8220;100&#8243; equal_height=&#8220;yes&#8220; gutter_size=&#8220;3&#8243; shift_y=&#8220;0&#8243; z_index=&#8220;0&#8243;][vc_column_inner column_width_percent=&#8220;100&#8243; gutter_size=&#8220;3&#8243; back_color=&#8220;color-202836&#8243; overlay_alpha=&#8220;100&#8243; shadow=&#8220;sm&#8220; shift_x=&#8220;0&#8243; shift_y=&#8220;0&#8243; shift_y_down=&#8220;0&#8243; z_index=&#8220;0&#8243; medium_width=&#8220;0&#8243; mobile_width=&#8220;0&#8243; css_animation=&#8220;zoom-in&#8220; zoom_width=&#8220;0&#8243; zoom_height=&#8220;0&#8243; width=&#8220;1\/3&#8243;][vc_icon icon_image=&#8220;84217&#8243; icon_color=&#8220;accent&#8220; media_size=&#8220;60&#8243; text_size=&#8220;h4&#8243; linked_title=&#8220;yes&#8220; align=&#8220;left&#8220; title=&#8220;Transformationsbegleitung&#8220; link=&#8220;url:https%3A%2F%2Fwww.gallehr.de%2Fleistungen%2Fklima-und-csr-strategie%2F&#8220; uncode_shortcode_id=&#8220;939277&#8243; icon_color_type=&#8220;uncode-palette&#8220;]<\/p>\n<ul>\n<li><span style=\"color: #b01419;\"><a style=\"color: #b01419;\" href=\"https:\/\/www.gallehr.de\/de\/transformationskonzepte-neues-programm-des-bmwi-bezuschusst-die-entwicklung-von-klimastrategien\/\" target=\"_blank\" rel=\"noopener\">Transformationskonzept in Richtung Klimaneutralit\u00e4t (auch mit Bundesf\u00f6rderung)<\/a><\/span><\/li>\n<li>BMWK F\u00f6rderprogramm Klimaschutzvertr\u00e4ge<\/li>\n<li>Marktumfeldanalyse<\/li>\n<li>Stakeholderanalyse<\/li>\n<li>Climate Impact Assessment<\/li>\n<li>Zielformulierung (z.B. auf Basis SBTi)<\/li>\n<li>Umsetzungsbegleitung<\/li>\n<li>Wirtschaftlichkeitsbewertung nach DIN EN 17463<\/li>\n<\/ul>\n<p>&nbsp;[\/vc_icon][\/vc_column_inner][vc_column_inner column_width_percent=&#8220;100&#8243; gutter_size=&#8220;3&#8243; back_color=&#8220;color-202836&#8243; overlay_alpha=&#8220;50&#8243; shadow=&#8220;sm&#8220; shift_x=&#8220;0&#8243; shift_y=&#8220;0&#8243; shift_y_down=&#8220;0&#8243; z_index=&#8220;0&#8243; medium_width=&#8220;0&#8243; mobile_width=&#8220;0&#8243; css_animation=&#8220;zoom-in&#8220; width=&#8220;1\/3&#8243;][vc_icon icon_image=&#8220;84216&#8243; icon_color=&#8220;accent&#8220; media_size=&#8220;60&#8243; text_size=&#8220;h4&#8243; linked_title=&#8220;yes&#8220; align=&#8220;left&#8220; title=&#8220;Verpflichtender Emissionshandel europ\u00e4isch und national&#8220; link=&#8220;url:https%3A%2F%2Fwww.gallehr.de%2Fleistungen%2Fverpflichtender-emissionshandel-eu-und-de%2F&#8220;]<\/p>\n<ul>\n<li>Strategische Beratung und Optimierung<\/li>\n<li>1\u00b0bis 360\u00b0Unterst\u00fctzung<\/li>\n<li>Erstellung Zuteilungsantr\u00e4ge, \u00dcberwachungspl\u00e4ne, Zuteilungs-datenberichte, Emissionsberichte<\/li>\n<li>Vermeidung Doppelbelastungen ETS\/BEHG<\/li>\n<li>Wechsel zwischen ETS und BEHG<\/li>\n<li>Weitere Dienst-und Hilfeleistungen (VPS Backup, Kontoer\u00f6ffnungs-und F\u00fchrungssupport, Unterst\u00fctzung beim Handel etc.)<\/li>\n<\/ul>\n<p>[\/vc_icon][\/vc_column_inner][vc_column_inner column_width_percent=&#8220;100&#8243; gutter_size=&#8220;3&#8243; back_color=&#8220;color-202836&#8243; overlay_alpha=&#8220;50&#8243; shadow=&#8220;sm&#8220; shift_x=&#8220;0&#8243; shift_y=&#8220;0&#8243; shift_y_down=&#8220;0&#8243; z_index=&#8220;0&#8243; medium_width=&#8220;0&#8243; mobile_width=&#8220;0&#8243; css_animation=&#8220;zoom-in&#8220; width=&#8220;1\/3&#8243;][vc_icon icon_image=&#8220;84221&#8243; icon_color=&#8220;accent&#8220; media_size=&#8220;60&#8243; text_size=&#8220;h4&#8243; linked_title=&#8220;yes&#8220; align=&#8220;left&#8220; title=&#8220;Managementsysteme&#8220; link=&#8220;url:https%3A%2F%2Fwww.gallehr.de%2Fleistungen%2Fmanagementsysteme%2F&#8220; uncode_shortcode_id=&#8220;102788&#8243; icon_color_type=&#8220;uncode-palette&#8220;]<\/p>\n<ul>\n<li>Aufbau und Betrieb von agilen Managementsystemen<\/li>\n<li>Paris kompatible Klimamanagementsysteme<\/li>\n<li>Zertifizierungsf\u00e4hige Energie- und Umweltmanagementsysteme<\/li>\n<li>Zusammenf\u00fchrung zu integrierten Managementsystemen<\/li>\n<li>Fit-for-55 und EU-Taxonomie konforme Governance- \/ F\u00fchrungs-Strukturen<\/li>\n<\/ul>\n<p>[\/vc_icon][\/vc_column_inner][\/vc_row_inner][vc_row_inner row_inner_height_percent=&#8220;0&#8243; overlay_alpha=&#8220;100&#8243; equal_height=&#8220;yes&#8220; gutter_size=&#8220;3&#8243; shift_y=&#8220;0&#8243; z_index=&#8220;0&#8243; el_class=&#8220;reduced-gap&#8220;][vc_column_inner column_width_percent=&#8220;100&#8243; gutter_size=&#8220;3&#8243; back_color=&#8220;color-202836&#8243; overlay_alpha=&#8220;100&#8243; shadow=&#8220;sm&#8220; shift_x=&#8220;0&#8243; shift_y=&#8220;0&#8243; shift_y_down=&#8220;0&#8243; z_index=&#8220;0&#8243; medium_width=&#8220;0&#8243; mobile_width=&#8220;0&#8243; css_animation=&#8220;zoom-in&#8220; zoom_width=&#8220;0&#8243; zoom_height=&#8220;0&#8243; width=&#8220;1\/3&#8243;][vc_icon icon_image=&#8220;84220&#8243; icon_color=&#8220;accent&#8220; media_size=&#8220;60&#8243; text_size=&#8220;h4&#8243; linked_title=&#8220;yes&#8220; align=&#8220;left&#8220; title=&#8220;F\u00f6rderprogramm Klimaschutzvertr\u00e4ge&#8220; link=&#8220;url:https%3A%2F%2Fwww.gallehr.de%2Fde%2Fleistungen%2Fklima-und-csr-strategie%2F&#8220; uncode_shortcode_id=&#8220;453424&#8243; icon_color_type=&#8220;uncode-palette&#8220;]<\/p>\n<ul>\n<li>360\u00b0-Begleitung w\u00e4hrend dem vorbereitenden Verfahren und der Gebotsphase<\/li>\n<li>Kompatibilit\u00e4tspr\u00fcfung zum F\u00f6rderprogramm Klimaschutzvertr\u00e4ge<\/li>\n<li>Strukturierung und Erstellung der erforderlichen Antragsmodalit\u00e4ten<\/li>\n<li>Darlegung des F\u00f6rdermechanismus und F\u00f6rderregelungen<\/li>\n<li>Simulation der j\u00e4hrlichen Vertragseinzahlungen<\/li>\n<li>Hilfestellung bei der Gebotspreis-Bestimmung<\/li>\n<li>Durchf\u00fchrung einer Vollkostenkalkulation zur Bestimmung der finanziellen Risikoposition inkl. weiterer F\u00f6rdermittel<\/li>\n<li>Koordination von beteiligten Projektpartner (Beh\u00f6rden, Rechtsberater, Anlagenbauern und Energielieferanten)<\/li>\n<li>Unterst\u00fctzung bei den Berichtspflichten w\u00e4hrend der Vertragslaufzeit<\/li>\n<\/ul>\n<p>&nbsp;[\/vc_icon][\/vc_column_inner][vc_column_inner column_width_percent=&#8220;100&#8243; gutter_size=&#8220;3&#8243; back_color=&#8220;color-202836&#8243; overlay_alpha=&#8220;50&#8243; shadow=&#8220;sm&#8220; shift_x=&#8220;0&#8243; shift_y=&#8220;0&#8243; shift_y_down=&#8220;0&#8243; z_index=&#8220;0&#8243; medium_width=&#8220;0&#8243; mobile_width=&#8220;0&#8243; css_animation=&#8220;zoom-in&#8220; width=&#8220;1\/3&#8243;][vc_icon icon_image=&#8220;84213&#8243; icon_color=&#8220;accent&#8220; media_size=&#8220;60&#8243; text_size=&#8220;h4&#8243; linked_title=&#8220;yes&#8220; align=&#8220;left&#8220; title=&#8220;Strompreiskompensation&#8220; link=&#8220;url:https%3A%2F%2Fwww.gallehr.de%2Fleistungen%2Fstrompreiskompensation%2F&#8220; uncode_shortcode_id=&#8220;738592&#8243; icon_color_type=&#8220;uncode-palette&#8220;]<\/p>\n<ul>\n<li>Potentialanalyse<\/li>\n<li>Antragstellungen und \u00c4nderungsantr\u00e4ge im geforderten Format (FMS)<\/li>\n<li>Begleitung der Pr\u00fcfung durch den Wirtschaftspr\u00fcfer<\/li>\n<li>Durchf\u00fchrung des Versands und der Kommunikation \u00fcber VPS inkl. VPS Backup<\/li>\n<li>Identifizierung und Umsetzungsbegleitung von \u00f6kologischen Gegenleistungen<\/li>\n<li>Wirtschaftlichkeitsbewertung nach DIN EN 17463<\/li>\n<\/ul>\n<p>[\/vc_icon][\/vc_column_inner][vc_column_inner column_width_percent=&#8220;100&#8243; gutter_size=&#8220;3&#8243; back_color=&#8220;color-202836&#8243; overlay_alpha=&#8220;50&#8243; shadow=&#8220;sm&#8220; shift_x=&#8220;0&#8243; shift_y=&#8220;0&#8243; shift_y_down=&#8220;0&#8243; z_index=&#8220;0&#8243; medium_width=&#8220;0&#8243; mobile_width=&#8220;0&#8243; css_animation=&#8220;zoom-in&#8220; width=&#8220;1\/3&#8243;][vc_icon icon_image=&#8220;84214&#8243; icon_color=&#8220;accent&#8220; media_size=&#8220;60&#8243; text_size=&#8220;h4&#8243; linked_title=&#8220;yes&#8220; align=&#8220;left&#8220; title=&#8220;Carbon Footprint (CO\u2082e)&#8220; link=&#8220;url:https%3A%2F%2Fwww.gallehr.de%2Fleistungen%2Fcarbon-footprint%2F&#8220; uncode_shortcode_id=&#8220;245877&#8243; icon_color_type=&#8220;uncode-palette&#8220;]<a href=\"https:\/\/www.gallehr.de\/transformationskonzepte-neues-programm-des-bmwi-bezuschusst-die-entwicklung-von-klimastrategien\/\" target=\"_blank\" rel=\"noopener\">&#8212;<\/a><a href=\"https:\/\/www.gallehr.de\/transformationskonzepte-neues-programm-des-bmwi-bezuschusst-die-entwicklung-von-klimastrategien\/\" target=\"_blank\" rel=\"noopener\">F\u00f6rderf\u00e4hig im Rahmen eines Transformationskonzepts nach EEW Modul 5&#8211;<\/a><\/p>\n<ul>\n<li>Corporate-, Product-&amp; Project-Carbon Footprints<\/li>\n<li>Lebenszyklusanalyse<\/li>\n<li>Auf Basis anerkannter Guidelines &amp; Normen (GHG Protocol, ISO, PAS)<\/li>\n<\/ul>\n<p>[\/vc_icon][\/vc_column_inner][\/vc_row_inner][vc_row_inner row_inner_height_percent=&#8220;0&#8243; overlay_alpha=&#8220;100&#8243; equal_height=&#8220;yes&#8220; gutter_size=&#8220;3&#8243; shift_y=&#8220;0&#8243; z_index=&#8220;0&#8243; el_class=&#8220;reduced-gap&#8220;][vc_column_inner column_width_percent=&#8220;100&#8243; gutter_size=&#8220;3&#8243; back_color=&#8220;color-202836&#8243; overlay_alpha=&#8220;100&#8243; shadow=&#8220;sm&#8220; shift_x=&#8220;0&#8243; shift_y=&#8220;0&#8243; shift_y_down=&#8220;0&#8243; z_index=&#8220;0&#8243; medium_width=&#8220;0&#8243; mobile_width=&#8220;0&#8243; css_animation=&#8220;zoom-in&#8220; zoom_width=&#8220;0&#8243; zoom_height=&#8220;0&#8243; width=&#8220;1\/3&#8243;][vc_icon icon_image=&#8220;84215&#8243; icon_color=&#8220;accent&#8220; media_size=&#8220;60&#8243; text_size=&#8220;h4&#8243; linked_title=&#8220;yes&#8220; align=&#8220;left&#8220; title=&#8220;Freiwillige CO\u2082 Kompensation und Kommunikation&#8220; link=&#8220;url:https%3A%2F%2Fwww.gallehr.de%2Fleistungen%2Ffreiwillige-co2-kompensation%2F&#8220; uncode_shortcode_id=&#8220;701212&#8243; icon_color_type=&#8220;uncode-palette&#8220;]<\/p>\n<ul>\n<li>Strategische Beratung<\/li>\n<li>Bewertung und Auswahl geeigneter Projekte und Anbieter<\/li>\n<li>Identifizierung und Einordnung von Reputations-und Compliancerisiken<\/li>\n<li>Fachlich inhaltliche Unterst\u00fctzung bei der klima-und nachhaltigkeitsrelevanten Kommunikation an Kunden, Investoren und andere Stakeholder<\/li>\n<li>Portfolio- und Risikomanagement<\/li>\n<\/ul>\n<p>[\/vc_icon][\/vc_column_inner][vc_column_inner column_width_percent=&#8220;100&#8243; gutter_size=&#8220;3&#8243; back_color=&#8220;color-202836&#8243; overlay_alpha=&#8220;50&#8243; shadow=&#8220;sm&#8220; shift_x=&#8220;0&#8243; shift_y=&#8220;0&#8243; shift_y_down=&#8220;0&#8243; z_index=&#8220;0&#8243; medium_width=&#8220;0&#8243; mobile_width=&#8220;0&#8243; css_animation=&#8220;zoom-in&#8220; width=&#8220;1\/3&#8243;][vc_icon icon_image=&#8220;84212&#8243; icon_color=&#8220;accent&#8220; media_size=&#8220;60&#8243; text_size=&#8220;h4&#8243; linked_title=&#8220;yes&#8220; align=&#8220;left&#8220; title=&#8220;Sektorkopplung, Power to X, H\u2082&#8220; link=&#8220;url:https%3A%2F%2Fwww.gallehr.de%2Fleistungen%2Fsektorkopplung-power-to-x-h2%2F&#8220; uncode_shortcode_id=&#8220;986297&#8243; icon_color_type=&#8220;uncode-palette&#8220;]<\/p>\n<ul>\n<li>Strategische Beratung<\/li>\n<li>F\u00f6rdermittelscreening<\/li>\n<li>Wasserstoff-Farbenlehre<\/li>\n<li>Synthetische Kraftstoffe<\/li>\n<li>Flexibilit\u00e4tspotentiale heben<\/li>\n<li>Realisierung H<sub>2<\/sub>&#8211; bzw. Power2X-Stromkostenprivilegien<\/li>\n<li>Wirtschaftlichkeitsbewertung nach DIN EN 17463<\/li>\n<\/ul>\n<p>[\/vc_icon][\/vc_column_inner][vc_column_inner column_width_percent=&#8220;100&#8243; gutter_size=&#8220;3&#8243; back_color=&#8220;color-202836&#8243; overlay_alpha=&#8220;50&#8243; shadow=&#8220;sm&#8220; shift_x=&#8220;0&#8243; shift_y=&#8220;0&#8243; shift_y_down=&#8220;0&#8243; z_index=&#8220;0&#8243; medium_width=&#8220;0&#8243; mobile_width=&#8220;0&#8243; css_animation=&#8220;zoom-in&#8220; width=&#8220;1\/3&#8243;][vc_icon icon_image=&#8220;84211&#8243; icon_color=&#8220;accent&#8220; media_size=&#8220;60&#8243; text_size=&#8220;h4&#8243; linked_title=&#8220;yes&#8220; align=&#8220;left&#8220; title=&#8220;Optimierung Energienebenkosten&#8220; link=&#8220;url:https%3A%2F%2Fwww.gallehr.de%2Fleistungen%2Foptimierung-energienebenkosten%2F&#8220; uncode_shortcode_id=&#8220;130088&#8243; icon_color_type=&#8220;uncode-palette&#8220;]<\/p>\n<ul>\n<li>Netznutzungs-, Umlagen-, Steuer- und Abgabenmanagement<\/li>\n<li>Privilegien identifizieren und nutzen (z.B. Strompreiskompensation, Sonderformen Netznutzung)<\/li>\n<li>Kostenmanagement<\/li>\n<li>Auswirkungen von Elektrifizierungs- und Eigenerzeugungsma\u00dfnahmen<\/li>\n<li>Wirtschaftlichkeitsbewertung nach DIN EN 17463<\/li>\n<\/ul>\n<p>[\/vc_icon][\/vc_column_inner][\/vc_row_inner][\/vc_column][\/vc_row]<\/p>\n<\/div>","protected":false},"excerpt":{"rendered":"<p>[vc_row row_height_percent=&#8220;0&#8243; override_padding=&#8220;yes&#8220; h_padding=&#8220;2&#8243; top_padding=&#8220;3&#8243; bottom_padding=&#8220;3&#8243; back_color=&#8220;color-xsdn&#8220; overlay_alpha=&#8220;0&#8243; gutter_size=&#8220;100&#8243; column_width_percent=&#8220;100&#8243; shift_y=&#8220;0&#8243; z_index=&#8220;0&#8243; style=&#8220;inherited&#8220;][vc_column column_width_percent=&#8220;100&#8243; align_horizontal=&#8220;align_center&#8220; gutter_size=&#8220;4&#8243; overlay_alpha=&#8220;100&#8243; shift_x=&#8220;0&#8243; shift_y=&#8220;0&#8243; shift_y_down=&#8220;0&#8243; [&hellip;]<\/p>\n","protected":false},"author":6,"featured_media":0,"parent":0,"menu_order":0,"comment_status":"closed","ping_status":"closed","template":"","meta":{"footnotes":""},"class_list":["post-84120","page","type-page","status-publish","hentry"],"_links":{"self":[{"href":"https:\/\/www.gallehr.de\/de\/wp-json\/wp\/v2\/pages\/84120","targetHints":{"allow":["GET"]}}],"collection":[{"href":"https:\/\/www.gallehr.de\/de\/wp-json\/wp\/v2\/pages"}],"about":[{"href":"https:\/\/www.gallehr.de\/de\/wp-json\/wp\/v2\/types\/page"}],"author":[{"embeddable":true,"href":"https:\/\/www.gallehr.de\/de\/wp-json\/wp\/v2\/users\/6"}],"replies":[{"embeddable":true,"href":"https:\/\/www.gallehr.de\/de\/wp-json\/wp\/v2\/comments?post=84120"}],"version-history":[{"count":0,"href":"https:\/\/www.gallehr.de\/de\/wp-json\/wp\/v2\/pages\/84120\/revisions"}],"wp:attachment":[{"href":"https:\/\/www.gallehr.de\/de\/wp-json\/wp\/v2\/media?parent=84120"}],"curies":[{"name":"wp","href":"https:\/\/api.w.org\/{rel}","templated":true}]}}